{"id":8452,"date":"2020-04-28T23:36:36","date_gmt":"2020-04-28T21:36:36","guid":{"rendered":"http:\/\/www.fsgestavayer.ch\/?page_id=8452"},"modified":"2020-04-29T00:53:13","modified_gmt":"2020-04-28T22:53:13","slug":"historique","status":"publish","type":"page","link":"https:\/\/www.fsgestavayer.ch\/?page_id=8452","title":{"rendered":"Historique"},"content":{"rendered":"\n<p><strong>FSG\/SFG Estavayer-le-Lac, <\/strong> <strong>d\u2019hier \u00e0 aujourd\u2019hui<\/strong><\/p>\n\n\n\n<figure class=\"wp-block-image size-large\"><img loading=\"lazy\" decoding=\"async\" width=\"1024\" height=\"770\" src=\"https:\/\/www.fsgestavayer.ch\/wp-contenu\/uploads\/2020\/04\/barres-parall\u00e8les-1024x770.jpeg\" alt=\"\" class=\"wp-image-8456\" srcset=\"https:\/\/www.fsgestavayer.ch\/wp-contenu\/uploads\/2020\/04\/barres-parall\u00e8les-1024x770.jpeg 1024w, https:\/\/www.fsgestavayer.ch\/wp-contenu\/uploads\/2020\/04\/barres-parall\u00e8les-300x226.jpeg 300w, https:\/\/www.fsgestavayer.ch\/wp-contenu\/uploads\/2020\/04\/barres-parall\u00e8les-768x577.jpeg 768w, https:\/\/www.fsgestavayer.ch\/wp-contenu\/uploads\/2020\/04\/barres-parall\u00e8les.jpeg 1044w\" sizes=\"auto, (max-width: 1024px) 100vw, 1024px\" \/><\/figure>\n\n\n\n<p><strong>1880 &#8211; 1899\u00a0:<\/strong><br>C\u2019est en juin 1880 qu\u2019est fond\u00e9e la Soci\u00e9t\u00e9 f\u00e9d\u00e9rale de gymnastique d\u2019Estavayer-le-Lac.<br>Les membres fondateurs sont  Messieurs Pfeiffer, Reinle,  Fach et Schaer, ainsi que le Dr Volmar.<br>La premi\u00e8re s\u00e9ance du comit\u00e9 a lieu au caf\u00e9 Hafner. Deux candidats sont pr\u00e9sent\u00e9s \u00e0 cette premi\u00e8re assembl\u00e9e, soit MM. Fritz Koeckly et Louis Monney.<br>Le Conseil communal pr\u00e9sid\u00e9 par M. A. Chassot, avocat, d\u00e9cide d\u2019accorder l\u2019acc\u00e8s de la place de gymnastique \u00e0 l\u2019usage des \u00e9coles (place de Moudon) \u00e0 la nouvelle soci\u00e9t\u00e9, sous la surveillance du Dr Volmar. <br>Dans le premier proc\u00e8s-verbal, il est mentionn\u00e9 que \u00ab\u00a0le comit\u00e9 a d\u00e9cid\u00e9 d\u2019exiger de tous les membres de la soci\u00e9t\u00e9 le plus grand respect du beau sexe.\u00a0\u00bb  <br>La soci\u00e9t\u00e9 de gymnastique a pour but de \u00ab\u00a0d\u00e9velopper chez ses membres les forces corporelles indispensables aux d\u00e9fenseurs de la patrie, de resserrer entre eux les liens d\u2019amiti\u00e9 et d\u2019entretenir les sentiments patriotiques, de cultiver l\u2019art de la gymnastique d\u2019apr\u00e8s les r\u00e8gles de la science.\u00a0\u00bb<\/p>\n\n\n\n<p>Les vingt premi\u00e8res ann\u00e9es de la soci\u00e9t\u00e9 sont faites de hauts et de bas, avec de magnifiques productions r\u00e9alis\u00e9es dans les diff\u00e9rents concours cantonaux, mais aussi la radiation ou l\u2019expulsion de certains membres ainsi que le d\u00e9c\u00e8s, en 1883, d\u2019un gymnaste suite \u00e0 un accident au reck. <br>Cette p\u00e9riode est aussi marqu\u00e9e par des difficult\u00e9s financi\u00e8res, les sources de revenus n\u2019\u00e9tant ni nombreuses ni abondantes \u2013 pour exemple la cotisation mensuelle est alors de 30 centimes &#8211; et les concours organis\u00e9s n\u2019apportant que peu\/pas de b\u00e9n\u00e9fice.  <\/p>\n\n\n\n<p><strong>1900 \u2013 1919<\/strong><br>En 1900, la section compte 19 actifs. Afin de gagner davantage la sympathie de la population \u00e0 leur cause, les gymnastes s\u2019ing\u00e9nient \u00e0 pr\u00e9parer des soir\u00e9es qui connaissent plein succ\u00e8s. Entre 1905 et 1910, la soci\u00e9t\u00e9 plonge dans une profonde l\u00e9thargie et se vide de ses membres. Elle reprend son envol en 1910 et comporte \u00e0 nouveau une trentaine d\u2019adh\u00e9rents,\u00a0 avec \u00e0 sa pr\u00e9sidence M. Alfred Brasey, instituteur.\u00a0<\/p>\n\n\n\n<p>En 1911 est organis\u00e9e la F\u00eate de gymnastique \u00e0 Estavayer. Dans son discours, M. le pr\u00e9fet Corboud mentionne que \u00ab\u00a0les gymnastes seront toujours les premiers en cas de p\u00e9ril, \u00e0 d\u00e9fendre notre patrie menac\u00e9e de toute la force de leurs bras\u00a0\u00bb. <\/p>\n\n\n\n<p>Dans\nun autre discours, M. le Dr. Ducotterd invite les autorit\u00e9s\ncommunales d\u2019Estavayer, \u00e0 d\u00e9cider dans un avenir prochain, la\nconstruction d\u2019une halle de gymnastique.<\/p>\n\n\n\n<p>En\n1914, la mobilisation g\u00e9n\u00e9rale d\u00e9sorganise la soci\u00e9t\u00e9 et ce sont\n14 jeunes qui r\u00e9pondent \u00e0 l\u2019appel du pays.<\/p>\n\n\n\n<p><strong>1920 \u2013 1939<\/strong><br>Malgr\u00e9 une difficult\u00e9 constante de trouver un local d\u2019entra\u00eenement ad\u00e9quat (les gymnastes s\u2019entra\u00eenent successivement dans l\u2019h\u00f4pital actuel, sous la Place de Moudon, \u00e0 la salle du ch\u00e2teau, de la Grenette, dans une d\u00e9pendance de la Fleur-de-Lys et enfin \u00e0 c\u00f4t\u00e9 de l\u2019\u00e9cole enfantine. La section participe \u00e0 de nombreux concours et organise, en 1934, le Carnaval staviacois, sous la supervision du moniteur Divernois, tr\u00e8s appr\u00e9ci\u00e9 par les membres de la soci\u00e9t\u00e9 pour ses comp\u00e9tences m\u00e9thodologiques et humaines. En 1936, la section compte 58 membres, soit 22 actifs, 21 pupilles (cr\u00e9ation du groupe en 1933) et 15 dames (cr\u00e9ation du groupe en 1934). En 1939, ce sont quelques pupillettes qui agrandissent encore la section par l\u2019int\u00e9gration de leur groupe. C\u2019est d\u2019ailleurs en cette m\u00eame ann\u00e9e qu\u2019est organis\u00e9e la F\u00eate cantonale de gymnastique \u00e0 Estavayer.  <\/p>\n\n\n\n<p>Cette p\u00e9riode faste pour la SFG est en grande partie due \u00e0 un homme, M. Henri Rossier-Carrard, qui a \u0153uvr\u00e9 pour la soci\u00e9t\u00e9 avec une fid\u00e9lit\u00e9 exemplaire pendant plus de quarante ans.<\/p>\n\n\n\n<figure class=\"wp-block-image size-large\"><img loading=\"lazy\" decoding=\"async\" width=\"1024\" height=\"794\" src=\"https:\/\/www.fsgestavayer.ch\/wp-contenu\/uploads\/2020\/04\/1923-1024x794.jpeg\" alt=\"\" class=\"wp-image-8458\" srcset=\"https:\/\/www.fsgestavayer.ch\/wp-contenu\/uploads\/2020\/04\/1923-1024x794.jpeg 1024w, https:\/\/www.fsgestavayer.ch\/wp-contenu\/uploads\/2020\/04\/1923-300x233.jpeg 300w, https:\/\/www.fsgestavayer.ch\/wp-contenu\/uploads\/2020\/04\/1923-768x595.jpeg 768w, https:\/\/www.fsgestavayer.ch\/wp-contenu\/uploads\/2020\/04\/1923.jpeg 1095w\" sizes=\"auto, (max-width: 1024px) 100vw, 1024px\" \/><\/figure>\n\n\n\n<p><strong>1940 \u2013 1959<\/strong><br>Le nouveau pr\u00e9sident M. Jacques Bullet donne une assise plus ferme \u00e0 la soci\u00e9t\u00e9, amenant une conception plus virile influenc\u00e9e par ses capacit\u00e9s d\u2019ordre militaire, et conduisant certains gymnastes \u00e0 des r\u00e9sultats de port\u00e9e nationale voire internationale. Deux noms staviacois se distinguent lors des diverses c\u00e9r\u00e9monies protocolaires\u00a0: Aloys Pittet et Marcel Thomas.<\/p>\n\n\n\n<p>En 1948, la section  \u00ab\u00a0Hommes\u00a0\u00bb est cr\u00e9\u00e9e. Deux ans plus tard, les effectifs sont les suivants\u00a0: 28 actifs, 17 dames, 26 pupilles, 20 pupillettes, 12 hommes ; soit au total 103 membres.<br>Ren\u00e9 Corminboeuf, moniteur exemplaire (et plus tard membre du comit\u00e9), am\u00e8ne de nombreux gymnastes vers des performances de premier plan.<br>C\u2019est \u00e9galement durant cette p\u00e9riode que le besoin r\u00e9current d\u2019un local d\u2019entra\u00eenement est assouvi pour la SFG Estavayer. Un article de La Libert\u00e9 parle de cette nouvelle halle : \u00ab\u00a0Au mois de septembre 1944, le Conseil g\u00e9n\u00e9ral d\u2019Estavayer-le-Lac d\u00e9cidait la construction d\u2019une halle de gymnastique qui devait servir non seulement aux gymnastes, mais \u00e9galement aux enfants des \u00e9coles et aux \u00e9l\u00e8ves des instituts de la ville. Les difficult\u00e9s de construction durant la p\u00e9riode de guerre retard\u00e8rent les travaux et ce n\u2019est qu\u2019en 1947 que les travaux purent commencer, selon les plans de MM. Rosset et Matthey, architectes, \u00e0 Fribourg\u00a0\u00bb.<br>Il s\u2019agit alors de la salle de gym du Casino. Celle-ci permet d\u00e9sormais la tenue de la soir\u00e9e de gym annuelle en ses murs.<\/p>\n\n\n\n<figure class=\"wp-block-image size-large\"><img loading=\"lazy\" decoding=\"async\" width=\"1024\" height=\"576\" src=\"https:\/\/www.fsgestavayer.ch\/wp-contenu\/uploads\/2020\/04\/Corminboeuf-1024x576.jpeg\" alt=\"\" class=\"wp-image-8459\" srcset=\"https:\/\/www.fsgestavayer.ch\/wp-contenu\/uploads\/2020\/04\/Corminboeuf-1024x576.jpeg 1024w, https:\/\/www.fsgestavayer.ch\/wp-contenu\/uploads\/2020\/04\/Corminboeuf-300x169.jpeg 300w, https:\/\/www.fsgestavayer.ch\/wp-contenu\/uploads\/2020\/04\/Corminboeuf-768x432.jpeg 768w, https:\/\/www.fsgestavayer.ch\/wp-contenu\/uploads\/2020\/04\/Corminboeuf.jpeg 1200w\" sizes=\"auto, (max-width: 1024px) 100vw, 1024px\" \/><\/figure>\n\n\n\n<p><strong>1960 \u2013 1980<\/strong><br>Les soci\u00e9t\u00e9s ne peuvent demeurer stagnantes alors que les hommes changent. Trop de facilit\u00e9s dans le genre de vie n\u2019ont pas \u00e9t\u00e9 des plus propices \u00e0 la pratique du sport, lui qui est fait de discipline et d\u2019endurance. Les jeunes ressentent plus d\u2019attirance vers des \u00e9quipes de football qui vivent essentiellement de comp\u00e9titions et de d\u00e9placements. Pourtant \u00e0 l\u2019heure du centenaire, la section staviacoise de la SFG a fi\u00e8re allure et se pr\u00e9sente avec une vitalit\u00e9 renouvel\u00e9e.<\/p>\n\n\n\n<p>En\n1961, \u00e0 la F\u00eate romande de Fribourg, c\u2019est Andr\u00e9 Bise qui se\ndistingue dans la course de 70m, obtenant l\u2019excellent chrono de\n8\u2019\u20198.<\/p>\n\n\n\n<p>En 1970, Jacques Bullet quitte la pr\u00e9sidence apr\u00e8s 25 ans de service\u00a0; jamais encore un pr\u00e9sident n\u2019avait exerc\u00e9 sa fonction durant une telle dur\u00e9e. Le poste est alors repris par M. Joseph Fasel.<br>Le manque de salle d\u2019entra\u00eenement se fait progressivement ressentir et c\u2019est en 1977 que l\u2019utilisation de la halle de l\u2019Ecole secondaire ainsi que son am\u00e9nagement ext\u00e9rieur est permise. Cette ann\u00e9e-l\u00e0 voit aussi la d\u00e9mission de M. Joseph Fasel, qui quitte la pr\u00e9sidence, reprise alors par M. Bruno Muggler.<br>Parall\u00e8lement \u00e0 la section des dames actives, il se constitue un groupement d\u2019hommes, les a\u00een\u00e9s des actifs (leur admission dans la SFG est dat\u00e9e de 1970), qui conduit \u00e0 un retour dans la soci\u00e9t\u00e9 les \u00ab\u00a0anciennes gloires\u00a0\u00bb de la gymnastique staviacoise.<\/p>\n\n\n\n<p>En\n1980, c\u2019est la grande f\u00eate du Centenaire de la SFG Estavayer,\npr\u00e9par\u00e9e avec soin par un comit\u00e9 d\u2019organisation des plus\nimpliqu\u00e9s. A cette occasion, une brochure retra\u00e7ant ces cent ans\nest r\u00e9alis\u00e9e par M. Hilaire Plancherel.<\/p>\n\n\n\n<p><strong>1980 &#8211; 1999 <\/strong> <br>En 1985, la Soci\u00e9t\u00e9 f\u00e9d\u00e9rale de gymnastique (SFG, fond\u00e9e en 1832) ainsi que l\u2019Association suisse de gymnastique f\u00e9minine (ASGF, fond\u00e9e en 1908) fusionnent pour former la F\u00e9d\u00e9ration suisse de gymnastique (FSG).<br>Durant cette p\u00e9riode, la section prend le nom de FSG Estavayer-Lully, car cette derni\u00e8re commune met \u00e0 disposition sa halle de gym ainsi que ses am\u00e9nagements ext\u00e9rieurs pour les entra\u00eenements d\u2019athl\u00e9tisme notamment\u00a0; c\u2019est en effet durant cette fin de si\u00e8cle que de nouvelles disciplines comme l\u2019athl\u00e9tisme sont int\u00e9gr\u00e9es \u00e0 la soci\u00e9t\u00e9.  <\/p>\n\n\n\n<p>C\u2019est\nd\u2019ailleurs en 1990 qu\u2019a lieu la premi\u00e8re \u00e9dition de la Coupe de\nNo\u00ebl, course populaire organis\u00e9e par un comit\u00e9 compos\u00e9 de membres\nde la FSG locale.<\/p>\n\n\n\n<figure class=\"wp-block-image size-large\"><img loading=\"lazy\" decoding=\"async\" width=\"1024\" height=\"866\" src=\"https:\/\/www.fsgestavayer.ch\/wp-contenu\/uploads\/2020\/04\/Volley-1024x866.jpeg\" alt=\"\" class=\"wp-image-8461\" srcset=\"https:\/\/www.fsgestavayer.ch\/wp-contenu\/uploads\/2020\/04\/Volley-1024x866.jpeg 1024w, https:\/\/www.fsgestavayer.ch\/wp-contenu\/uploads\/2020\/04\/Volley-300x254.jpeg 300w, https:\/\/www.fsgestavayer.ch\/wp-contenu\/uploads\/2020\/04\/Volley-768x650.jpeg 768w, https:\/\/www.fsgestavayer.ch\/wp-contenu\/uploads\/2020\/04\/Volley.jpeg 1200w\" sizes=\"auto, (max-width: 1024px) 100vw, 1024px\" \/><\/figure>\n\n\n\n<p><strong>2000 \u2013 aujoud\u2019hui<\/strong><br>La pr\u00e9sidence, au d\u00e9but des ann\u00e9es 2000, est tenue par M. Dominique Aebischer, ancien coureur de fond de haut niveau, et une mention particuli\u00e8re peut \u00eatre d\u00e9cern\u00e9e \u00e0 Mme Marie-Jeanne Truckenbrod, gymnaste, puis membre du comit\u00e9 et monitrice pendant de nombreuses ann\u00e9es.<br>La salle de sports triple de l\u2019Amarante, construite en 2010, donne de nouvelles perspectives d\u2019entra\u00eenements, avec plus d\u2019espace \u00e0 disposition.<\/p>\n\n\n\n<p>La FSG Estavayer s\u2019agrandit pour compter pas loin de 400 membres en 2019, r\u00e9partis dans des groupes comme les parents-enfants, la gymnastiques aux agr\u00e8s, l\u2019athl\u00e9tisme, le volleyball, le badminton ou encore le kin-ball (la liste n\u2019est pas exhaustive).<\/p>\n\n\n\n<figure class=\"wp-block-image size-large\"><img loading=\"lazy\" decoding=\"async\" width=\"1000\" height=\"750\" src=\"https:\/\/www.fsgestavayer.ch\/wp-contenu\/uploads\/2020\/04\/jeunes-gymnastes-2020.jpeg\" alt=\"\" class=\"wp-image-8463\" srcset=\"https:\/\/www.fsgestavayer.ch\/wp-contenu\/uploads\/2020\/04\/jeunes-gymnastes-2020.jpeg 1000w, https:\/\/www.fsgestavayer.ch\/wp-contenu\/uploads\/2020\/04\/jeunes-gymnastes-2020-300x225.jpeg 300w, https:\/\/www.fsgestavayer.ch\/wp-contenu\/uploads\/2020\/04\/jeunes-gymnastes-2020-768x576.jpeg 768w\" sizes=\"auto, (max-width: 1000px) 100vw, 1000px\" \/><\/figure>\n\n\n\n<p><strong>Sources&nbsp;:<\/strong><\/p>\n\n\n\n<ul class=\"wp-block-list\"><li>Plancherel\n\tH. (1980), <em>SFG\n\tEstavayer-le-Lac, 1880-1980, Centenaire de la Soci\u00e9t\u00e9 F\u00e9d\u00e9rale\n\tde Gymnastique<\/em>.\n\tImprimerie Butty S.A., 1470 Estavayer-le-Lac.\n<\/li><\/ul>\n\n\n\n<ul class=\"wp-block-list\"><li>Diverses\n\tarchives (dont des P.V.)\n<\/li><\/ul>\n","protected":false},"excerpt":{"rendered":"<p>FSG\/SFG Estavayer-le-Lac, d\u2019hier \u00e0 aujourd\u2019hui 1880 &#8211; 1899\u00a0:C\u2019est en juin 1880 qu\u2019est fond\u00e9e la Soci\u00e9t\u00e9 f\u00e9d\u00e9rale de gymnastique d\u2019Estavayer-le-Lac.Les membres fondateurs sont Messieurs Pfeiffer, Reinle, <a class=\"more-link\" href=\"https:\/\/www.fsgestavayer.ch\/?page_id=8452\">Continuer la lecture <span class=\"screen-reader-text\">  Historique<\/span><span class=\"meta-nav\">&rarr;<\/span><\/a><\/p>\n","protected":false},"author":3,"featured_media":0,"parent":0,"menu_order":0,"comment_status":"closed","ping_status":"closed","template":"","meta":{"ngg_post_thumbnail":0,"footnotes":""},"class_list":["post-8452","page","type-page","status-publish","hentry"],"_links":{"self":[{"href":"https:\/\/www.fsgestavayer.ch\/index.php?rest_route=\/wp\/v2\/pages\/8452","targetHints":{"allow":["GET"]}}],"collection":[{"href":"https:\/\/www.fsgestavayer.ch\/index.php?rest_route=\/wp\/v2\/pages"}],"about":[{"href":"https:\/\/www.fsgestavayer.ch\/index.php?rest_route=\/wp\/v2\/types\/page"}],"author":[{"embeddable":true,"href":"https:\/\/www.fsgestavayer.ch\/index.php?rest_route=\/wp\/v2\/users\/3"}],"replies":[{"embeddable":true,"href":"https:\/\/www.fsgestavayer.ch\/index.php?rest_route=%2Fwp%2Fv2%2Fcomments&post=8452"}],"version-history":[{"count":0,"href":"https:\/\/www.fsgestavayer.ch\/index.php?rest_route=\/wp\/v2\/pages\/8452\/revisions"}],"wp:attachment":[{"href":"https:\/\/www.fsgestavayer.ch\/index.php?rest_route=%2Fwp%2Fv2%2Fmedia&parent=8452"}],"curies":[{"name":"wp","href":"https:\/\/api.w.org\/{rel}","templated":true}]}}