{"id":81,"date":"2013-07-03T01:34:33","date_gmt":"2013-07-02T23:34:33","guid":{"rendered":"http:\/\/www.fsgestavayer.ch?page_id=81"},"modified":"2019-11-14T13:50:09","modified_gmt":"2019-11-14T12:50:09","slug":"comite-2","status":"publish","type":"page","link":"https:\/\/www.fsgestavayer.ch\/?page_id=81","title":{"rendered":"Comit\u00e9"},"content":{"rendered":"\n<table id=\"tablepress-29\" class=\"tablepress tablepress-id-29\">\n<tbody class=\"row-striping row-hover\">\n<tr class=\"row-1\">\n\t<td class=\"column-1\"><strong>Steve Emmenegger<\/strong><br \/>\nPr\u00e9sident<br \/>\nS\u00e9vaz<br \/>\n<br \/>\n<br \/>\n<br \/>\n<br \/>\nsteve.e@bluewin.ch<\/td><td class=\"column-2\"><a href=\"http:\/\/www.fsgestavayer.ch\/wp-contenu\/uploads\/2025\/10\/Nouveau-president.jpeg\"><img loading=\"lazy\" decoding=\"async\" src=\"http:\/\/www.fsgestavayer.ch\/wp-contenu\/uploads\/2025\/10\/Nouveau-president.jpeg\" alt=\"\" width=\"200\" height=\"300\" class=\"alignleft size-full wp-image-11406\" srcset=\"https:\/\/www.fsgestavayer.ch\/wp-contenu\/uploads\/2025\/10\/Nouveau-president.jpeg 1200w, https:\/\/www.fsgestavayer.ch\/wp-contenu\/uploads\/2025\/10\/Nouveau-president-200x300.jpeg 200w, https:\/\/www.fsgestavayer.ch\/wp-contenu\/uploads\/2025\/10\/Nouveau-president-683x1024.jpeg 683w, https:\/\/www.fsgestavayer.ch\/wp-contenu\/uploads\/2025\/10\/Nouveau-president-768x1152.jpeg 768w, https:\/\/www.fsgestavayer.ch\/wp-contenu\/uploads\/2025\/10\/Nouveau-president-1024x1536.jpeg 1024w\" sizes=\"auto, (max-width: 200px) 100vw, 200px\" \/><\/a><\/td>\n<\/tr>\n<tr class=\"row-2\">\n\t<td class=\"column-1\"><\/td><td class=\"column-2\"><\/td>\n<\/tr>\n<tr class=\"row-3\">\n\t<td class=\"column-1\"><strong>Nathalie Martin <\/strong><br \/>\nSubsistance<br \/>\nEstavayer-le-Lac<br \/>\n<br \/>\n<br \/>\n<br \/>\n<br \/>\nnathaliemartin71.nm@gmail.com<\/td><td class=\"column-2\"><a href=\"http:\/\/www.fsgestavayer.ch\/wp-contenu\/uploads\/2019\/11\/Nathalie.jpg\"><img loading=\"lazy\" decoding=\"async\" src=\"http:\/\/www.fsgestavayer.ch\/wp-contenu\/uploads\/2019\/11\/Nathalie.jpg\" alt=\"\" width=\"200\" height=\"300\" class=\"alignleft size-full wp-image-7554\" srcset=\"https:\/\/www.fsgestavayer.ch\/wp-contenu\/uploads\/2019\/11\/Nathalie.jpg 280w, https:\/\/www.fsgestavayer.ch\/wp-contenu\/uploads\/2019\/11\/Nathalie-200x300.jpg 200w\" sizes=\"auto, (max-width: 200px) 100vw, 200px\" \/><\/a><\/td>\n<\/tr>\n<tr class=\"row-4\">\n\t<td class=\"column-1\"><\/td><td class=\"column-2\"><\/td>\n<\/tr>\n<tr class=\"row-5\">\n\t<td class=\"column-1\"><strong>B\u00e9atrice Brasey<\/strong><br \/>\nInfrastructures<br \/>\nFont<br \/>\n<br \/>\n<br \/>\n<br \/>\n<br \/>\nchristophe.bea@bluewin.ch<\/td><td class=\"column-2\"><a href=\"http:\/\/www.fsgestavayer.ch\/wp-contenu\/uploads\/2019\/11\/B\u00e9atrice.jpg\"><img loading=\"lazy\" decoding=\"async\" src=\"http:\/\/www.fsgestavayer.ch\/wp-contenu\/uploads\/2019\/11\/B\u00e9atrice.jpg\" alt=\"\" width=\"200\" height=\"300\" class=\"alignleft size-full wp-image-7552\" srcset=\"https:\/\/www.fsgestavayer.ch\/wp-contenu\/uploads\/2019\/11\/B\u00e9atrice.jpg 280w, https:\/\/www.fsgestavayer.ch\/wp-contenu\/uploads\/2019\/11\/B\u00e9atrice-200x300.jpg 200w\" sizes=\"auto, (max-width: 200px) 100vw, 200px\" \/><\/a><\/td>\n<\/tr>\n<tr class=\"row-6\">\n\t<td class=\"column-1\"><\/td><td class=\"column-2\"><\/td>\n<\/tr>\n<tr class=\"row-7\">\n\t<td class=\"column-1\"><strong>V\u00e9ronica Barbey<\/strong><br \/>\nSecr\u00e9tariat g\u00e9n\u00e9ral<br \/>\nEstavayer-le-Lac<br \/>\n<br \/>\n<br \/>\n<br \/>\n<br \/>\narijon.veronica@gmail.com<\/td><td class=\"column-2\"><a href=\"http:\/\/www.fsgestavayer.ch\/wp-contenu\/uploads\/2019\/11\/Veronica.jpg\"><img loading=\"lazy\" decoding=\"async\" src=\"http:\/\/www.fsgestavayer.ch\/wp-contenu\/uploads\/2019\/11\/Veronica.jpg\" alt=\"\" width=\"200\" height=\"300\" class=\"alignleft size-full wp-image-7553\" srcset=\"https:\/\/www.fsgestavayer.ch\/wp-contenu\/uploads\/2019\/11\/Veronica.jpg 280w, https:\/\/www.fsgestavayer.ch\/wp-contenu\/uploads\/2019\/11\/Veronica-200x300.jpg 200w\" sizes=\"auto, (max-width: 200px) 100vw, 200px\" \/><\/a><\/td>\n<\/tr>\n<tr class=\"row-8\">\n\t<td class=\"column-1\"><\/td><td class=\"column-2\"><\/td>\n<\/tr>\n<tr class=\"row-9\">\n\t<td class=\"column-1\"><strong>Etienne Mille<\/strong><br \/>\nSite internet<br \/>\nEstavayer-le-Lac<br \/>\n<br \/>\netienne.mille@bluewin.ch<\/td><td class=\"column-2\"><a href=\"http:\/\/www.fsgestavayer.ch\/wp-contenu\/uploads\/2019\/11\/Etienne.jpg\"><img loading=\"lazy\" decoding=\"async\" src=\"http:\/\/www.fsgestavayer.ch\/wp-contenu\/uploads\/2019\/11\/Etienne.jpg\" alt=\"\" width=\"200\" height=\"300\" class=\"alignleft size-full wp-image-7551\" srcset=\"https:\/\/www.fsgestavayer.ch\/wp-contenu\/uploads\/2019\/11\/Etienne.jpg 280w, https:\/\/www.fsgestavayer.ch\/wp-contenu\/uploads\/2019\/11\/Etienne-200x300.jpg 200w\" sizes=\"auto, (max-width: 200px) 100vw, 200px\" \/><\/a><\/td>\n<\/tr>\n<tr class=\"row-10\">\n\t<td class=\"column-1\"><\/td><td class=\"column-2\"><\/td>\n<\/tr>\n<tr class=\"row-11\">\n\t<td class=\"column-1\"><strong>Cl\u00e9mentine Dalle<\/strong><br \/>\nCoach J+S<br \/>\nGranges-Marnand<br \/>\n<br \/>\n<br \/>\n<br \/>\n<br \/>\nclemii1470@gmail.com<\/td><td class=\"column-2\"><\/td>\n<\/tr>\n<tr class=\"row-12\">\n\t<td class=\"column-1\"><\/td><td class=\"column-2\"><\/td>\n<\/tr>\n<tr class=\"row-13\">\n\t<td class=\"column-1\"><strong>Carine Pillonel<\/strong><br \/>\nCaisse<br \/>\nLully<br \/>\n<br \/>\n<br \/>\n<br \/>\n<br \/>\ncarinepillonel@hotmail.com<\/td><td class=\"column-2\"><a href=\"http:\/\/www.fsgestavayer.ch\/wp-contenu\/uploads\/2019\/11\/Carine.jpg\"><img loading=\"lazy\" decoding=\"async\" src=\"http:\/\/www.fsgestavayer.ch\/wp-contenu\/uploads\/2019\/11\/Carine.jpg\" alt=\"\" width=\"200\" height=\"300\" class=\"alignleft size-full wp-image-7555\" srcset=\"https:\/\/www.fsgestavayer.ch\/wp-contenu\/uploads\/2019\/11\/Carine.jpg 280w, https:\/\/www.fsgestavayer.ch\/wp-contenu\/uploads\/2019\/11\/Carine-200x300.jpg 200w\" sizes=\"auto, (max-width: 200px) 100vw, 200px\" \/><\/a><\/td>\n<\/tr>\n<tr class=\"row-14\">\n\t<td class=\"column-1\"><\/td><td class=\"column-2\"><\/td>\n<\/tr>\n<tr class=\"row-15\">\n\t<td class=\"column-1\"><strong>Laura Rupper-Bise<\/strong><br \/>\nSecr\u00e9tariat 2<br \/>\nF\u00e9tigny<br \/>\n<br \/>\n<br \/>\n<br \/>\n<br \/>\n<br \/>\nlaura_bise@hotmail.com<br \/>\n<br \/>\n<\/td><td class=\"column-2\"><\/td>\n<\/tr>\n<tr class=\"row-16\">\n\t<td class=\"column-1\"><\/td><td class=\"column-2\"><\/td>\n<\/tr>\n<\/tbody>\n<\/table>\n<!-- #tablepress-29 from cache -->\n","protected":false},"excerpt":{"rendered":"","protected":false},"author":3,"featured_media":0,"parent":0,"menu_order":0,"comment_status":"closed","ping_status":"open","template":"page-fullwidth.php","meta":{"ngg_post_thumbnail":0,"footnotes":""},"class_list":["post-81","page","type-page","status-publish","hentry"],"_links":{"self":[{"href":"https:\/\/www.fsgestavayer.ch\/index.php?rest_route=\/wp\/v2\/pages\/81","targetHints":{"allow":["GET"]}}],"collection":[{"href":"https:\/\/www.fsgestavayer.ch\/index.php?rest_route=\/wp\/v2\/pages"}],"about":[{"href":"https:\/\/www.fsgestavayer.ch\/index.php?rest_route=\/wp\/v2\/types\/page"}],"author":[{"embeddable":true,"href":"https:\/\/www.fsgestavayer.ch\/index.php?rest_route=\/wp\/v2\/users\/3"}],"replies":[{"embeddable":true,"href":"https:\/\/www.fsgestavayer.ch\/index.php?rest_route=%2Fwp%2Fv2%2Fcomments&post=81"}],"version-history":[{"count":0,"href":"https:\/\/www.fsgestavayer.ch\/index.php?rest_route=\/wp\/v2\/pages\/81\/revisions"}],"wp:attachment":[{"href":"https:\/\/www.fsgestavayer.ch\/index.php?rest_route=%2Fwp%2Fv2%2Fmedia&parent=81"}],"curies":[{"name":"wp","href":"https:\/\/api.w.org\/{rel}","templated":true}]}}