{"id":42,"date":"2013-07-01T13:48:05","date_gmt":"2013-07-01T11:48:05","guid":{"rendered":"http:\/\/www.fsgestavayer.ch?page_id=42"},"modified":"2023-08-03T13:30:51","modified_gmt":"2023-08-03T11:30:51","slug":"athletisme","status":"publish","type":"page","link":"https:\/\/www.fsgestavayer.ch\/?page_id=42","title":{"rendered":"Athl\u00e9tisme"},"content":{"rendered":"\n<table id=\"tablepress-1\" class=\"tablepress tablepress-id-1 tbody-has-connected-cells\">\n<tbody>\n<tr class=\"row-1\">\n\t<td colspan=\"2\" class=\"column-1\"><strong>d\u00e8s U14 : Jeunes n\u00e9s en 2014 et plus \u00e2g\u00e9s<\/strong><\/td>\n<\/tr>\n<tr class=\"row-2\">\n\t<td class=\"column-1\">Entra\u00eenement  :<\/td><td class=\"column-2\">MARDI de 18h00 \u00e0 19h30 et<br \/>\nJEUDI de 18h00 \u00e0 19h30<\/td>\n<\/tr>\n<tr class=\"row-3\">\n\t<td class=\"column-1\">Rendez-vous :<\/td><td class=\"column-2\">Amarante, Estavayer-le-Lac<\/td>\n<\/tr>\n<tr class=\"row-4\">\n\t<td class=\"column-1\">D\u00e9but :<\/td><td class=\"column-2\">Mardi 2 Septembre 2025<\/td>\n<\/tr>\n<tr class=\"row-5\">\n\t<td class=\"column-1\">Responsable :<\/td><td class=\"column-2\">Aur\u00e9lien Thalmann :  078\/741.27.66<\/td>\n<\/tr>\n<tr class=\"row-6\">\n\t<td colspan=\"2\" class=\"column-1\"><strong>U12 : ENFANTS NES ENTRE 2015 ET 2016 <strong><\/strong><\/td>\n<\/tr>\n<tr class=\"row-7\">\n\t<td class=\"column-1\">Entra\u00eenement  :<\/td><td class=\"column-2\">LUNDI de 18h00 \u00e0 19h30<\/td>\n<\/tr>\n<tr class=\"row-8\">\n\t<td class=\"column-1\">Rendez-vous :<\/td><td class=\"column-2\">Amarante, Estavayer-le-Lac<\/td>\n<\/tr>\n<tr class=\"row-9\">\n\t<td class=\"column-1\">D\u00e9but :<\/td><td class=\"column-2\">Lundi 1er Septembre 2025<\/td>\n<\/tr>\n<tr class=\"row-10\">\n\t<td class=\"column-1\">Responsable :<\/td><td class=\"column-2\">Coline Marmy : 079\/915.94.34<\/td>\n<\/tr>\n<tr class=\"row-11\">\n\t<td colspan=\"2\" class=\"column-1\"><strong>U10 : ENFANTS NES ENTRE 2017 ET 2019 (d\u00e8s 3H) - COMPLET<\/strong><\/td>\n<\/tr>\n<tr class=\"row-12\">\n\t<td class=\"column-1\">Entra\u00eenement  :<\/td><td class=\"column-2\">MARDI de 18h00 \u00e0 19h30<\/td>\n<\/tr>\n<tr class=\"row-13\">\n\t<td class=\"column-1\">Rendez-vous :<\/td><td class=\"column-2\">Halle du CO, Estavayer-le-Lac<\/td>\n<\/tr>\n<tr class=\"row-14\">\n\t<td class=\"column-1\">D\u00e9but :<\/td><td class=\"column-2\">Mardi 2 Septembre 2025<\/td>\n<\/tr>\n<tr class=\"row-15\">\n\t<td class=\"column-1\">Responsable :<\/td><td class=\"column-2\">Greta Akakpossa : 077\/918.92.56<\/td>\n<\/tr>\n<\/tbody>\n<\/table>\n<!-- #tablepress-1 from cache -->\n<p>&nbsp;<\/p>\n","protected":false},"excerpt":{"rendered":"<p>&nbsp;<\/p>\n","protected":false},"author":3,"featured_media":0,"parent":25,"menu_order":0,"comment_status":"closed","ping_status":"open","template":"","meta":{"ngg_post_thumbnail":0,"footnotes":""},"class_list":["post-42","page","type-page","status-publish","hentry"],"_links":{"self":[{"href":"https:\/\/www.fsgestavayer.ch\/index.php?rest_route=\/wp\/v2\/pages\/42","targetHints":{"allow":["GET"]}}],"collection":[{"href":"https:\/\/www.fsgestavayer.ch\/index.php?rest_route=\/wp\/v2\/pages"}],"about":[{"href":"https:\/\/www.fsgestavayer.ch\/index.php?rest_route=\/wp\/v2\/types\/page"}],"author":[{"embeddable":true,"href":"https:\/\/www.fsgestavayer.ch\/index.php?rest_route=\/wp\/v2\/users\/3"}],"replies":[{"embeddable":true,"href":"https:\/\/www.fsgestavayer.ch\/index.php?rest_route=%2Fwp%2Fv2%2Fcomments&post=42"}],"version-history":[{"count":3,"href":"https:\/\/www.fsgestavayer.ch\/index.php?rest_route=\/wp\/v2\/pages\/42\/revisions"}],"predecessor-version":[{"id":10426,"href":"https:\/\/www.fsgestavayer.ch\/index.php?rest_route=\/wp\/v2\/pages\/42\/revisions\/10426"}],"up":[{"embeddable":true,"href":"https:\/\/www.fsgestavayer.ch\/index.php?rest_route=\/wp\/v2\/pages\/25"}],"wp:attachment":[{"href":"https:\/\/www.fsgestavayer.ch\/index.php?rest_route=%2Fwp%2Fv2%2Fmedia&parent=42"}],"curies":[{"name":"wp","href":"https:\/\/api.w.org\/{rel}","templated":true}]}}