{"id":381,"date":"2013-09-20T00:54:23","date_gmt":"2013-09-19T22:54:23","guid":{"rendered":"http:\/\/www.fsgestavayer.ch\/?page_id=381"},"modified":"2016-09-05T22:52:01","modified_gmt":"2016-09-05T20:52:01","slug":"inscriptions-aux-competitions","status":"publish","type":"page","link":"https:\/\/www.fsgestavayer.ch\/?page_id=381","title":{"rendered":"Inscriptions aux comp\u00e9titions"},"content":{"rendered":"<table border=\"0\" frame=\"VOID\" rules=\"NONE\" cellspacing=\"0\">\n<colgroup>\n<col width=\"79\" \/>\n<col width=\"79\" \/>\n<col width=\"200\" \/>\n<col width=\"190\" \/>\n<col width=\"207\" \/>\n<col width=\"127\" \/>\n<col width=\"247\" \/><\/colgroup>\n<tbody>\n<tr>\n<td colspan=\"7\" align=\"CENTER\" valign=\"BOTTOM\" width=\"1130\" height=\"40\"><span style=\"font-size: xx-large;\">Calendrier comp\u00e9tition 2\u00e8me semestre 2016<\/span><\/td>\n<\/tr>\n<tr>\n<td align=\"CENTER\" valign=\"BOTTOM\" height=\"20\"><span style=\"font-size: medium;\">\u00a0<\/span><\/td>\n<td align=\"LEFT\" valign=\"BOTTOM\"><span style=\"font-size: medium;\">\u00a0<\/span><\/td>\n<td align=\"LEFT\" valign=\"BOTTOM\">Inscriptions :<\/td>\n<td colspan=\"2\" align=\"LEFT\" valign=\"BOTTOM\"><a href=\"http:\/\/doodle.com\/poll\/uwsugm76m4uiphn6\">http:\/\/doodle.com\/poll\/uwsugm76m4uiphn6<\/a><\/td>\n<td align=\"CENTER\" valign=\"BOTTOM\"><span style=\"font-size: medium;\">\u00a0<\/span><\/td>\n<td align=\"LEFT\" valign=\"BOTTOM\"><span style=\"font-size: medium;\">\u00a0<\/span><\/td>\n<\/tr>\n<tr>\n<td colspan=\"2\" align=\"CENTER\" valign=\"MIDDLE\" bgcolor=\"#C5D9F1\" height=\"75\"><b><span style=\"font-size: large;\">Date<\/span><\/b><\/td>\n<td align=\"CENTER\" valign=\"MIDDLE\" bgcolor=\"#C5D9F1\"><b><span style=\"font-size: large;\">Comp\u00e9tition<\/span><\/b><\/td>\n<td align=\"CENTER\" valign=\"MIDDLE\" bgcolor=\"#C5D9F1\"><b><span style=\"font-size: large;\">Remarques<\/span><\/b><\/td>\n<td align=\"CENTER\" valign=\"MIDDLE\" bgcolor=\"#C5D9F1\"><b><span style=\"font-size: large;\">Lien pour horaires \/ infos<\/span><\/b><\/td>\n<td align=\"CENTER\" valign=\"MIDDLE\" bgcolor=\"#C5D9F1\"><b><span style=\"font-size: large;\">D\u00e9lai<\/span><\/b><\/td>\n<td align=\"CENTER\" valign=\"MIDDLE\" bgcolor=\"#C5D9F1\"><b><span style=\"font-size: large;\">Heure et lieu de rendez-vous<\/span><\/b><\/td>\n<\/tr>\n<tr>\n<td align=\"CENTER\" valign=\"MIDDLE\" bgcolor=\"#D9D9D9\" height=\"76\"><span style=\"font-size: medium;\">17<\/span><\/td>\n<td align=\"LEFT\" valign=\"MIDDLE\" bgcolor=\"#D9D9D9\"><span style=\"font-size: medium;\">sept.<\/span><\/td>\n<td align=\"CENTER\" valign=\"MIDDLE\" bgcolor=\"#D9D9D9\"><span style=\"font-size: medium;\">Champ. frib. de pentathlon \u00e0 Bulle<\/span><\/td>\n<td align=\"CENTER\" valign=\"MIDDLE\" bgcolor=\"#D9D9D9\"><span style=\"font-size: medium;\">Obligatoire pour U18-U16<\/span><\/td>\n<td align=\"LEFT\" valign=\"MIDDLE\" bgcolor=\"#D9D9D9\"><u><span style=\"color: #0000ff;\"><a href=\"http:\/\/www.sabulle.com\/\">http:\/\/www.sabulle.com<\/a><\/span><\/u><\/td>\n<td align=\"CENTER\" valign=\"MIDDLE\" bgcolor=\"#D9D9D9\"><b><span style=\"font-size: medium;\">05\/09\/2016<\/span><\/b><\/td>\n<td align=\"CENTER\" valign=\"MIDDLE\" bgcolor=\"#D9D9D9\"><span style=\"font-size: medium;\">Sur place \u00e0 Bulle (stade Bouleyres) : au plus tard 1h avant la premi\u00e8re discipline<\/span><\/td>\n<\/tr>\n<tr>\n<td align=\"CENTER\" valign=\"MIDDLE\" height=\"76\"><span style=\"font-size: medium;\">25<\/span><\/td>\n<td align=\"LEFT\" valign=\"MIDDLE\"><span style=\"font-size: medium;\">sept.<\/span><\/td>\n<td align=\"CENTER\" valign=\"MIDDLE\"><span style=\"font-size: medium;\">Journ\u00e9e cant. des \u00e9coliers \u00e0 Guin<\/span><\/td>\n<td align=\"CENTER\" valign=\"MIDDLE\"><span style=\"font-size: medium;\">U10-12-14<\/span><\/td>\n<td align=\"LEFT\" valign=\"MIDDLE\"><u><span style=\"color: #0000ff;\"><a href=\"http:\/\/www.tsvd.ch\/\">http:\/\/www.tsvd.ch<\/a><\/span><\/u><\/td>\n<td align=\"CENTER\" valign=\"MIDDLE\"><b><span style=\"font-size: medium;\">08\/09\/2016<\/span><\/b><\/td>\n<td align=\"CENTER\" valign=\"MIDDLE\"><span style=\"font-size: medium;\">Sur place \u00e0 Guin (stade Leimacker) : 10 min avant l&rsquo;heure de l&rsquo;appel<\/span><\/td>\n<\/tr>\n<tr>\n<td align=\"CENTER\" valign=\"MIDDLE\" height=\"76\"><span style=\"font-size: medium;\">1<\/span><\/td>\n<td align=\"LEFT\" valign=\"MIDDLE\"><span style=\"font-size: medium;\">oct.<\/span><\/td>\n<td align=\"CENTER\" valign=\"MIDDLE\"><span style=\"font-size: medium;\">Mini Morat-Fribourg \u00e0 Fribourg<\/span><\/td>\n<td align=\"CENTER\" valign=\"MIDDLE\"><span style=\"font-size: medium;\">Pour tous<\/span><\/td>\n<td align=\"LEFT\" valign=\"MIDDLE\"><u><span style=\"color: #0000ff;\"><a href=\"http:\/\/www.morat-fribourg.ch\/\">http:\/\/www.morat-fribourg.ch<\/a><\/span><\/u><\/td>\n<td align=\"CENTER\" valign=\"MIDDLE\"><b><span style=\"font-size: medium;\">15\/09\/2016<\/span><\/b><\/td>\n<td align=\"CENTER\" valign=\"MIDDLE\"><span style=\"font-size: medium;\">A Fribourg, 1h00 avant le d\u00e9part de la course<\/span><\/td>\n<\/tr>\n<tr>\n<td align=\"CENTER\" valign=\"MIDDLE\" height=\"76\"><span style=\"font-size: medium;\">17<\/span><\/td>\n<td align=\"LEFT\" valign=\"MIDDLE\"><span style=\"font-size: medium;\">nov.<\/span><\/td>\n<td align=\"CENTER\" valign=\"MIDDLE\"><span style=\"font-size: medium;\">Corrida Bulloise<\/span><\/td>\n<td align=\"CENTER\" valign=\"MIDDLE\"><span style=\"font-size: medium;\">Pour tous<\/span><\/td>\n<td align=\"LEFT\" valign=\"MIDDLE\"><u><span style=\"color: #0000ff;\"><a href=\"http:\/\/www.corrida-bulloise.ch\/\">http:\/\/www.corrida-bulloise.ch<\/a><\/span><\/u><\/td>\n<td align=\"CENTER\" valign=\"MIDDLE\"><b><span style=\"font-size: medium;\">10\/11\/2016<\/span><\/b><\/td>\n<td align=\"CENTER\" valign=\"MIDDLE\"><span style=\"font-size: medium;\">A Bulle, vers le d\u00f4me de la place du march\u00e9, 1h00 avant le d\u00e9part de la course<\/span><\/td>\n<\/tr>\n<tr>\n<td align=\"CENTER\" valign=\"MIDDLE\" bgcolor=\"#D9D9D9\" height=\"76\"><span style=\"font-size: medium;\">17<\/span><\/td>\n<td align=\"LEFT\" valign=\"MIDDLE\" bgcolor=\"#D9D9D9\"><span style=\"font-size: medium;\">d\u00e9c.<\/span><\/td>\n<td align=\"CENTER\" valign=\"MIDDLE\" bgcolor=\"#D9D9D9\"><span style=\"font-size: medium;\">Coupe de No\u00ebl \u00e0 Estavayer-le-Lac<\/span><\/td>\n<td align=\"CENTER\" valign=\"MIDDLE\" bgcolor=\"#D9D9D9\"><span style=\"font-size: medium;\">Obligatoire pour tous<\/span><\/td>\n<td align=\"LEFT\" valign=\"MIDDLE\" bgcolor=\"#D9D9D9\"><u><span style=\"color: #0000ff;\"><a href=\"https:\/\/www.fsgestavayer.ch\/\">https:\/\/www.fsgestavayer.ch<\/a><\/span><\/u><\/td>\n<td align=\"CENTER\" valign=\"MIDDLE\" bgcolor=\"#D9D9D9\"><b><span style=\"font-size: medium;\">10\/12\/2016<\/span><\/b><\/td>\n<td align=\"CENTER\" valign=\"MIDDLE\" bgcolor=\"#D9D9D9\"><span style=\"font-size: medium;\">A la Prillaz 1h00 avant le d\u00e9part de la course<\/span><\/td>\n<\/tr>\n<\/tbody>\n<\/table>\n<p>&nbsp;<\/p>\n","protected":false},"excerpt":{"rendered":"<p>Calendrier comp\u00e9tition 2\u00e8me semestre 2016 \u00a0 \u00a0 Inscriptions : http:\/\/doodle.com\/poll\/uwsugm76m4uiphn6 \u00a0 \u00a0 Date Comp\u00e9tition Remarques Lien pour horaires \/ infos D\u00e9lai Heure et lieu de <a class=\"more-link\" href=\"https:\/\/www.fsgestavayer.ch\/?page_id=381\">Continuer la lecture <span class=\"screen-reader-text\">  Inscriptions aux comp\u00e9titions<\/span><span class=\"meta-nav\">&rarr;<\/span><\/a><\/p>\n","protected":false},"author":3,"featured_media":0,"parent":0,"menu_order":0,"comment_status":"closed","ping_status":"open","template":"page-fullwidth.php","meta":{"ngg_post_thumbnail":0,"footnotes":""},"class_list":["post-381","page","type-page","status-publish","hentry"],"_links":{"self":[{"href":"https:\/\/www.fsgestavayer.ch\/index.php?rest_route=\/wp\/v2\/pages\/381","targetHints":{"allow":["GET"]}}],"collection":[{"href":"https:\/\/www.fsgestavayer.ch\/index.php?rest_route=\/wp\/v2\/pages"}],"about":[{"href":"https:\/\/www.fsgestavayer.ch\/index.php?rest_route=\/wp\/v2\/types\/page"}],"author":[{"embeddable":true,"href":"https:\/\/www.fsgestavayer.ch\/index.php?rest_route=\/wp\/v2\/users\/3"}],"replies":[{"embeddable":true,"href":"https:\/\/www.fsgestavayer.ch\/index.php?rest_route=%2Fwp%2Fv2%2Fcomments&post=381"}],"version-history":[{"count":0,"href":"https:\/\/www.fsgestavayer.ch\/index.php?rest_route=\/wp\/v2\/pages\/381\/revisions"}],"wp:attachment":[{"href":"https:\/\/www.fsgestavayer.ch\/index.php?rest_route=%2Fwp%2Fv2%2Fmedia&parent=381"}],"curies":[{"name":"wp","href":"https:\/\/api.w.org\/{rel}","templated":true}]}}